{"id":33,"date":"2015-07-20T22:06:44","date_gmt":"2015-07-20T22:06:44","guid":{"rendered":"http:\/\/temposradiante.com.br\/?page_id=33"},"modified":"2016-04-23T13:44:10","modified_gmt":"2016-04-23T13:44:10","slug":"solucoes","status":"publish","type":"page","link":"http:\/\/temposradiante.com.br\/?page_id=33","title":{"rendered":"SOLU\u00c7\u00d5ES"},"content":{"rendered":"<p>Veja algumas formas de solucionar os problemas abaixo: CLICA NO DE SEU INTERESSE E TER\u00c1 RESPOSTA J\u00c1:<\/p>\n<div id=\"yui_3_16_0_ym19_1_1461418287136_4559\" align=\"center\"><b id=\"yui_3_16_0_ym19_1_1461418287136_4558\"><span id=\"yui_3_16_0_ym19_1_1461418287136_4557\">Previd\u00eancia Social em dados<\/span><\/b><\/div>\n<div id=\"yui_3_16_0_ym19_1_1461418287136_4568\" align=\"center\"><i id=\"yui_3_16_0_ym19_1_1461418287136_5025\"><span id=\"yui_3_16_0_ym19_1_1461418287136_5024\">*Clemente Ganz L\u00facio<\/span><\/i><\/div>\n<div id=\"yui_3_16_0_ym19_1_1461418287136_4628\" align=\"center\"><strong>\u00a0<\/strong><\/div>\n<div id=\"yui_3_16_0_ym19_1_1461418287136_4547\"><span id=\"yui_3_16_0_ym19_1_1461418287136_4546\">O governo tomou a inciativa de colocar a quest\u00e3o da previd\u00eancia social em debate com vistas a encaminhar uma nova proposta de reforma. Continua em <a title=\"TEMPOS RADIANTE BLOG\" href=\"http:\/\/temposradiante.blogspot.com.br\/2016\/04\/a-previdencia-social-em-debate.html\" target=\"_blank\">TEMPOS RADIANTE BLOG<\/a><\/span><\/div>\n<p>&nbsp;<\/p>\n<p><a href=\"http:\/\/temposradiante.com\/?p=39\" rel=\"bookmark\">Nova p\u00edlula contra c\u00e2ncer gera pol\u00eamicas<\/a><\/p>\n<p><em>Artigo sobre a p\u00edlula do c\u00e2ncer, a fosfoetalonamina, cuja autoriza\u00e7\u00e3o pra seu uso est\u00e1 causando muita pol\u00eamica,, em <a title=\"TEMPOS RADIANTE\" href=\"http:\/\/temposradiante.com\/?p=39\" target=\"_blank\">TEMPOS RADIANTE<\/a><\/em><\/p>\n<p id=\"yui_3_16_0_ym19_1_1460220850185_2333\" align=\"center\"><strong id=\"yui_3_16_0_ym19_1_1460220850185_2332\"><span id=\"yui_3_16_0_ym19_1_1460220850185_2331\">Dia Mundial da Sa\u00fade \u2013 voc\u00ea conhece os seus direitos?<\/span><\/strong><\/p>\n<p id=\"yui_3_16_0_ym19_1_1460220850185_2317\" align=\"center\"><em id=\"yui_3_16_0_ym19_1_1460220850185_2316\"><span id=\"yui_3_16_0_ym19_1_1460220850185_2315\">A Defensoria P\u00fablica da Uni\u00e3o atua no aux\u00edlio e orienta\u00e7\u00e3o jur\u00eddica para garantir o direito \u00e0 sa\u00fade p\u00fablica do cidad\u00e3o brasileiro \u00a0 \u00a0 \u00a0 \u00a0Em <a title=\"ANO RADIANTE\" href=\"http:\/\/anoradiante.com\/?p=380\" target=\"_blank\">ANO RADIANTE<\/a><\/span><\/em><\/p>\n<h1 class=\"post-title entry-title\"><a title=\"Alerta para a utilidade de larvicidas no combate ao mosquito e a seguran\u00e7a dos produtos biol\u00f3gicos \" href=\"http:\/\/temposradiante.blogspot.com.br\/2016\/02\/alerta-para-utilidade-de-larvicidas-no.html\" target=\"_blank\">Alerta para a utilidade de larvicidas no combate ao mosquito e a seguran\u00e7a dos produtos biol\u00f3gicos \u00a0 \u00a0<\/a><\/h1>\n<p><em><strong>Foi o matem\u00e1tico brit\u00e2nico George Boole (1815-1864) que inventou um sistema de \u00e1lgebra que \u00e9 chave para a programa\u00e7\u00e3o de hoje.<\/strong> <\/em>Em <a title=\"Tempos Radiante\" href=\"http:\/\/temposradiante.blogspot.com.br\/2015\/11\/george-boole-como-matematico-inventou.html\" target=\"_blank\">Tempos Radiante<\/a><\/p>\n<p id=\"yui_3_16_0_1_1445035727322_2186\"><em><strong>Uma noite de rock para salvar um cora\u00e7\u00e3o &#8211;\u00a0<\/strong><\/em><i id=\"yui_3_16_0_1_1445035727322_2187\">Bandas nacionais se unem para fazer a diferen\u00e7a &#8230;&#8230;..\u00a0<\/i>No dia 22 de Outubro\/2015, quinta-feira, a casa de shows Audio Club receber\u00e1 v\u00e1rios artistias nacionais para um show beneficente em prol da estilista Layana Thomaz. \u00a0Em <a title=\"TEMPOS RADIANTE SOLU\u00c7\u00d5ES\" href=\"http:\/\/temposradiante.com.br\/?p=72\" target=\"_blank\">TEMPOS RADIANTE SOLU\u00c7\u00d5ES<\/a><\/p>\n<div id=\"yui_3_16_0_1_1444696018782_6009\" class=\"yiv0096272037MsoNormal\" align=\"center\"><a title=\"Alergias oculares aumentam nesta \u00e9poca do ano\" href=\"http:\/\/melhordaidade.blogspot.com.br\/2015\/10\/alergias-oculares-como-trata-las.html\" target=\"_blank\"><b id=\"yui_3_16_0_1_1444696018782_6008\"><span id=\"yui_3_16_0_1_1444696018782_6007\">Alergias oculares aumentam nesta \u00e9poca do ano<\/span><\/b><\/a><\/div>\n<div id=\"yui_3_16_0_1_1444696018782_6006\" class=\"yiv0096272037MsoNormal\" align=\"center\"><i id=\"yui_3_16_0_1_1444696018782_6005\"><span id=\"yui_3_16_0_1_1444696018782_6004\">Uso de l\u00e1grimas artificiais e compressas geladas podem combater as doen\u00e7as<\/span><\/i><\/div>\n<div class=\"yiv0096272037MsoNormal\" align=\"center\"><\/div>\n<p><a title=\"GEST\u00c3O DE CRISE PARA 2016: ACREDITE EM VOC\u00ca, FA\u00c7A A DIFEREN\u00c7A! CONQUISTE SUCESSO PARA O ANO NOVO\" href=\"http:\/\/anoradiante.blogspot.com.br\/2015\/09\/gestao-de-crise-para-2016-acredite-em.html\" target=\"_blank\"><strong>GEST\u00c3O DE CRISE PARA 2016: ACREDITE EM VOC\u00ca, FA\u00c7A A DIFEREN\u00c7A! CONQUISTE SUCESSO PARA O ANO NOVO<\/strong><\/a><\/p>\n<p><a title=\"Reciclagem de Lixo Eletr\u00f4nico\" href=\"http:\/\/temposradiante.blogspot.com.br\/2015\/08\/escola-olavo-bilac-promove-reciclagem.html\" target=\"_blank\"><strong><em>Reciclagem de Lixo Eletr\u00f4nico <\/em><\/strong><\/a><\/p>\n<p><a title=\"POR QUE O BRASIL N\u00c3O CRESCE?\" href=\"http:\/\/anoradiante.blogspot.com.br\/2015\/08\/por-que-o-brasil-nao-cresce.html\" target=\"_blank\">POR QUE O BRASIL N\u00c3O CRESCE?<\/a> Quem d\u00e1 as solu\u00e7\u00f5es pra esse problema \u00e9 o\u00a0J. A. Puppio , empres\u00e1rio, diretor presidente da Air Safety e autor do livro \u201cImposs\u00edvel \u00e9 o que n\u00e3o se tentou\u201d<\/p>\n<p><strong>A CONTA DE LUZ EST\u00c1 ALTA?Ganhe b\u00f4nus na sua conta de energia trocando res\u00edduos recicl\u00e1veis por <a title=\"b\u00f4nus na conta de energia\" href=\"http:\/\/anoradiante.blogspot.com.br\/2015\/05\/ganhe-bonus-na-sua-conta-de-energia.html\" target=\"_blank\">b\u00f4nus na conta de energia<\/a><\/strong><\/p>\n<p><strong>Instrumenta\u00e7\u00e3o cir\u00fargica: <a title=\"quem paga essa conta?\" href=\"http:\/\/www.anoradiante.com.br\/site\/?p=485\" target=\"_blank\">quem paga essa conta? <\/a><\/strong><\/p>\n<p><b id=\"yui_3_16_0_1_1401144055240_3582\">Maioria dos casos de amputa\u00e7\u00e3o de pernas e p\u00e9s \u00e9 por falta de cuidados com o diabetes.\u00a0<\/b><em><strong>Atitudes simples como examinar diariamente os p\u00e9s podem <a title=\"prevenir complica\u00e7\u00f5es\" href=\"http:\/\/brilhosdaluz.blogspot.com.br\/2015\/08\/diabetes-e-amputacao-de-pernas-e-pes.html\" target=\"_blank\">prevenir complica\u00e7\u00f5es<\/a><\/strong><\/em><\/p>\n<p>VEJA SOLU\u00c7\u00d5ES EM <a title=\"SOLU\u00c7\u00d5ES ANO RADIANTE\" href=\"http:\/\/www.anoradiante.com.br\/site\/?page_id=433\" target=\"_blank\">SOLU\u00c7\u00d5ES ANO RADIANTE<\/a><\/p>\n","protected":false},"excerpt":{"rendered":"<p>Veja algumas formas de solucionar os problemas abaixo: CLICA NO DE SEU INTERESSE E TER\u00c1 RESPOSTA J\u00c1: Previd\u00eancia Social em dados *Clemente Ganz L\u00facio \u00a0 O governo tomou a inciativa de colocar a quest\u00e3o da previd\u00eancia social em debate com vistas a encaminhar uma nova proposta de reforma. Continua em TEMPOS RADIANTE BLOG &nbsp; Nova [&hellip;]<\/p>\n","protected":false},"author":1,"featured_media":0,"parent":0,"menu_order":0,"comment_status":"closed","ping_status":"open","template":"","meta":[],"_links":{"self":[{"href":"http:\/\/temposradiante.com.br\/index.php?rest_route=\/wp\/v2\/pages\/33"}],"collection":[{"href":"http:\/\/temposradiante.com.br\/index.php?rest_route=\/wp\/v2\/pages"}],"about":[{"href":"http:\/\/temposradiante.com.br\/index.php?rest_route=\/wp\/v2\/types\/page"}],"author":[{"embeddable":true,"href":"http:\/\/temposradiante.com.br\/index.php?rest_route=\/wp\/v2\/users\/1"}],"replies":[{"embeddable":true,"href":"http:\/\/temposradiante.com.br\/index.php?rest_route=%2Fwp%2Fv2%2Fcomments&post=33"}],"version-history":[{"count":16,"href":"http:\/\/temposradiante.com.br\/index.php?rest_route=\/wp\/v2\/pages\/33\/revisions"}],"predecessor-version":[{"id":109,"href":"http:\/\/temposradiante.com.br\/index.php?rest_route=\/wp\/v2\/pages\/33\/revisions\/109"}],"wp:attachment":[{"href":"http:\/\/temposradiante.com.br\/index.php?rest_route=%2Fwp%2Fv2%2Fmedia&parent=33"}],"curies":[{"name":"wp","href":"https:\/\/api.w.org\/{rel}","templated":true}]}}